{"id":1579,"date":"2022-12-13T12:21:13","date_gmt":"2022-12-13T12:21:13","guid":{"rendered":"http:\/\/schule-glonn.de\/?page_id=1579"},"modified":"2022-12-13T12:22:02","modified_gmt":"2022-12-13T12:22:02","slug":"wir-sind-sport-grundschule","status":"publish","type":"page","link":"https:\/\/schule-glonn.de\/?page_id=1579","title":{"rendered":"Wir sind Sport-Grundschule!"},"content":{"rendered":"<p><a href=\"http:\/\/schule-glonn.de\/wp-content\/uploads\/2022\/12\/A1_Logo_Sport-Grundschule_312x240.jpg\"><img loading=\"lazy\" decoding=\"async\" class=\"aligncenter size-medium wp-image-1577\" src=\"http:\/\/schule-glonn.de\/wp-content\/uploads\/2022\/12\/A1_Logo_Sport-Grundschule_312x240-300x231.jpg\" alt=\"\" width=\"300\" height=\"231\" srcset=\"https:\/\/schule-glonn.de\/wp-content\/uploads\/2022\/12\/A1_Logo_Sport-Grundschule_312x240-300x231.jpg 300w, https:\/\/schule-glonn.de\/wp-content\/uploads\/2022\/12\/A1_Logo_Sport-Grundschule_312x240-768x590.jpg 768w, https:\/\/schule-glonn.de\/wp-content\/uploads\/2022\/12\/A1_Logo_Sport-Grundschule_312x240-1024x787.jpg 1024w, https:\/\/schule-glonn.de\/wp-content\/uploads\/2022\/12\/A1_Logo_Sport-Grundschule_312x240.jpg 1843w\" sizes=\"(max-width: 300px) 100vw, 300px\" \/><\/a><\/p>\n<div id=\"attachment_1576\" style=\"width: 310px\" class=\"wp-caption alignleft\"><a href=\"http:\/\/schule-glonn.de\/wp-content\/uploads\/2022\/12\/2022_12_09stmuk0552_.jpg\"><img loading=\"lazy\" decoding=\"async\" aria-describedby=\"caption-attachment-1576\" class=\"size-medium wp-image-1576\" src=\"http:\/\/schule-glonn.de\/wp-content\/uploads\/2022\/12\/2022_12_09stmuk0552_-300x200.jpg\" alt=\"\" width=\"300\" height=\"200\" srcset=\"https:\/\/schule-glonn.de\/wp-content\/uploads\/2022\/12\/2022_12_09stmuk0552_-300x200.jpg 300w, https:\/\/schule-glonn.de\/wp-content\/uploads\/2022\/12\/2022_12_09stmuk0552_-768x512.jpg 768w, https:\/\/schule-glonn.de\/wp-content\/uploads\/2022\/12\/2022_12_09stmuk0552_-1024x683.jpg 1024w\" sizes=\"(max-width: 300px) 100vw, 300px\" \/><\/a><p id=\"caption-attachment-1576\" class=\"wp-caption-text\">Auszeichnung f\u00fcr Grundschule Glonn<br \/>Kultusminister Prof. Dr. Michael Piazolo (r), BLSV-Pr\u00e4sident J\u00f6rg Ammon (l) sowie Schulleiterin Doris Pfefferkorn.<br \/>Zertifizierungsfeier Sport-Grundschulen<br \/>am 09.12.2022 in der Grundschule Unterbiberg.<br \/>Foto: Tobias Hase \/ stmuk<\/p><\/div>\n<p>&nbsp;<\/p>\n<p><strong>Kultusminister Piazolo zeichnet 37 neue Sport-Grundschulen in Oberbayern aus<\/strong><\/p>\n<p>Gewinnerschulen profitieren seit Schuljahresbeginn von dritter Sportstunde in der ersten Jahrgangsstufe \u2013 Piazolo: Profil Sport-Grundschulen ein \u201eModell mit echtem Mehrwert\u201c<\/p>\n<p>M\u00dcNCHEN\/NEUBIBERG. Der bayerische Kultusminister Michael Piazolo hat<br \/>\nzusammen mit dem Pr\u00e4sidenten des Bayerischen Landes-Sportverbands, J\u00f6rg<br \/>\nAmmon, zahlreiche Grundschulen aus Oberbayern mit dem Profil Sport-<br \/>\nGrundschule ausgezeichnet. Die Schulen wurden in feierlichem Rahmen in<br \/>\nNeubiberg f\u00fcr ihr au\u00dfergew\u00f6hnliches Engagement sowie ihre Kreativit\u00e4t in den<br \/>\nBereichen Sport, Bewegung und gesunde Ern\u00e4hrung gew\u00fcrdigt.<br \/>\nPiazolo gratulierte den erfolgreichen Bewerbern und verdeutlichte den hohen<br \/>\nStellenwert, den Sport und Ern\u00e4hrung im Freistaat genie\u00dfen: \u201eDie Gesundheit<br \/>\nunserer Kinder ist mir ein Herzensanliegen. Daf\u00fcr sind regelm\u00e4\u00dfige Bewegung und<br \/>\neine gesunde Ern\u00e4hrung von zentraler Bedeutung. Ich freue mich sehr dar\u00fcber,<br \/>\ndass sich so viele Grundschulen genau in diesen Bereichen besonders engagieren,<br \/>\nund m\u00f6chte mich hierf\u00fcr bei allen Beteiligten bedanken: Sie alle machen aus dem<br \/>\nProfil Sport-Grundschule ein Erfolgsmodell.\u201c Mit Blick auf die Tatsache, dass die<br \/>\nerfolgreichen Bewerber seit Schuljahresbeginn von einer dritten Sportstunde in der<br \/>\nersten Jahrgangsstufe profitieren und zudem 1000 Euro f\u00fcr die Anschaffung von<br \/>\nSpiel- und Sportger\u00e4ten erhielten, sprach Piazolo von einem \u201eModell mit echtem<br \/>\nMehrwert\u201c.<\/p>\n<p>Die ausgezeichneten Schulen konnten im Bereich Sport und Bewegung<br \/>\nbeispielsweise durch eine konsequente Umsetzung des Bewegungs- und<br \/>\nGesundheitsprogramms Voll in Form, die Durchf\u00fchrung von Schwimmunterricht, ein<br \/>\ngro\u00dfes Spektrum an Sportm\u00f6glichkeiten an der Schule, die Teilnahme an<br \/>\nSchulsportwettbewerben, Projekte mit externen Partnern (z. B. Sportvereine und<br \/>\nHochschulen) oder die gezielte Ausrichtung des Ganztagsangebots \u00fcberzeugen.<br \/>\nIm Bereich gesunde Ern\u00e4hrung punkteten die erfolgreichen Bewerber unter<br \/>\nanderem durch die Zusammenarbeit mit der Vernetzungsstelle Schulverpflegung,<br \/>\nein regelm\u00e4\u00dfiges Angebot eines gesunden Pausenbrots bzw. Fr\u00fchst\u00fccks oder die<br \/>\nTeilnahme an Programmen und Workshops zur Schulverpflegung.<br \/>\nHintergrundinformation zur Auszeichnung und Ausblick:<br \/>\nDieses Jahr werden bayernweit insgesamt 100 Sport-Grundschulen im Rahmen<br \/>\nvon dezentralen Zertifizierungsfeiern in den jeweiligen Regierungsbezirken<br \/>\nausgezeichnet.<\/p>\n","protected":false},"excerpt":{"rendered":"<p>&nbsp; Kultusminister Piazolo zeichnet 37 neue Sport-Grundschulen in Oberbayern aus Gewinnerschulen profitieren seit Schuljahresbeginn von dritter Sportstunde in der ersten Jahrgangsstufe \u2013 Piazolo: Profil Sport-Grundschulen ein \u201eModell mit echtem Mehrwert\u201c M\u00dcNCHEN\/NEUBIBERG. Der bayerische Kultusminister Michael Piazolo hat zusammen mit dem Pr\u00e4sidenten des Bayerischen Landes-Sportverbands, J\u00f6rg Ammon, zahlreiche Grundschulen aus Oberbayern mit dem Profil Sport- Grundschule ausgezeichnet. Die Schulen wurden in<\/p>\n","protected":false},"author":2,"featured_media":0,"parent":1238,"menu_order":0,"comment_status":"closed","ping_status":"closed","template":"","meta":{"footnotes":""},"_links":{"self":[{"href":"https:\/\/schule-glonn.de\/index.php?rest_route=\/wp\/v2\/pages\/1579"}],"collection":[{"href":"https:\/\/schule-glonn.de\/index.php?rest_route=\/wp\/v2\/pages"}],"about":[{"href":"https:\/\/schule-glonn.de\/index.php?rest_route=\/wp\/v2\/types\/page"}],"author":[{"embeddable":true,"href":"https:\/\/schule-glonn.de\/index.php?rest_route=\/wp\/v2\/users\/2"}],"replies":[{"embeddable":true,"href":"https:\/\/schule-glonn.de\/index.php?rest_route=%2Fwp%2Fv2%2Fcomments&post=1579"}],"version-history":[{"count":2,"href":"https:\/\/schule-glonn.de\/index.php?rest_route=\/wp\/v2\/pages\/1579\/revisions"}],"predecessor-version":[{"id":1581,"href":"https:\/\/schule-glonn.de\/index.php?rest_route=\/wp\/v2\/pages\/1579\/revisions\/1581"}],"up":[{"embeddable":true,"href":"https:\/\/schule-glonn.de\/index.php?rest_route=\/wp\/v2\/pages\/1238"}],"wp:attachment":[{"href":"https:\/\/schule-glonn.de\/index.php?rest_route=%2Fwp%2Fv2%2Fmedia&parent=1579"}],"curies":[{"name":"wp","href":"https:\/\/api.w.org\/{rel}","templated":true}]}}