{"id":1638,"date":"2023-09-28T06:38:32","date_gmt":"2023-09-28T06:38:32","guid":{"rendered":"https:\/\/schule-glonn.de\/?page_id=1638"},"modified":"2023-09-28T06:38:32","modified_gmt":"2023-09-28T06:38:32","slug":"olympiacup-der-grundschulen-und-bundesjugendspiele","status":"publish","type":"page","link":"https:\/\/schule-glonn.de\/?page_id=1638","title":{"rendered":"Olympiacup der Grundschulen und Bundesjugendspiele"},"content":{"rendered":"\n<figure class=\"wp-block-image size-large\"><a href=\"https:\/\/schule-glonn.de\/wp-content\/uploads\/2023\/09\/IMG_8643-scaled.jpg\"><img loading=\"lazy\" decoding=\"async\" width=\"1024\" height=\"347\" src=\"https:\/\/schule-glonn.de\/wp-content\/uploads\/2023\/09\/IMG_8643-1024x347.jpg\" alt=\"\" class=\"wp-image-1639\" srcset=\"https:\/\/schule-glonn.de\/wp-content\/uploads\/2023\/09\/IMG_8643-1024x347.jpg 1024w, https:\/\/schule-glonn.de\/wp-content\/uploads\/2023\/09\/IMG_8643-300x102.jpg 300w, https:\/\/schule-glonn.de\/wp-content\/uploads\/2023\/09\/IMG_8643-768x260.jpg 768w, https:\/\/schule-glonn.de\/wp-content\/uploads\/2023\/09\/IMG_8643-1536x521.jpg 1536w, https:\/\/schule-glonn.de\/wp-content\/uploads\/2023\/09\/IMG_8643-2048x695.jpg 2048w\" sizes=\"(max-width: 1024px) 100vw, 1024px\" \/><\/a><\/figure>\n\n\n\n<p>Endlich war es so weit, der gro\u00dfe Tag war gekommen. Zehn Sch\u00fclerinnen und Sch\u00fcler der Glonner Grundschule machten sich auf den Weg nach Poing, um am Olympiacup der Grundschulen im Landkreis Ebersberg teilzunehmen. Seit Januar trainierten die Viertkl\u00e4ssler im Rahmen des Sportunterrichts die verschiedensten Disziplinen, um dann die Glonner Schule bestm\u00f6glich vertreten zu k\u00f6nnen. Bei den \u00e4u\u00dferst vielseitigen Disziplinen wie zum Beispiel Medizinballsto\u00dfen, Synchron-Rollen, Weitsprung-Staffel, Speed Bounce, Synchron-Hockwenden und der Stabhockeystaffel wurde den Athleten einiges abverlangt. Von der Sportbeauftragten des Landkreises, Katrein Chirco, wurden die Sportlerinnen und Sportler als \u201eSport-Elite\u201c, als sportliches Aush\u00e4ngeschild des Landkreises begr\u00fc\u00dft. Unsere Sch\u00fclerinnen und Sch\u00fcler gaben Ihr Bestes, sie waren absolut motiviert und absolvierten einen gigantischen Wettkampf. Daf\u00fcr wurden sie mit dem zweiten Platz der \u201ekleinen Grundschulen\u201c belohnt. Was f\u00fcr ein toller Erfolg, das Training hat sich gelohnt!<\/p>\n\n\n\n<p>Dass die Glonner Grundschule aber \u00fcber wesentlich mehr grandiose Sportlerinnen und Sportler verf\u00fcgt, bewiesen die Kinder eindrucksvoll bei den Bundesjugendspielen im Juli. Leider mussten die Wettk\u00e4mpfe aufgrund eines heftigen Regenschauers kurzeitig unterbrochen werden. Das tat dem Spa\u00df und der Freude aber keinen Abbruch. Trotz dieser ung\u00fcnstigen Umst\u00e4nde wurden beeindruckende Zeiten gelaufen und gigantische Weiten beim Weitsprung und Ballwurf erreicht.<\/p>\n\n\n\n<p>Herzlichen Dank f\u00fcr die gro\u00dfartige Unterst\u00fctzung der ehemaligen Achtkl\u00e4ssler, f\u00fcr die Flexibilit\u00e4t s\u00e4mtlicher Lehrerinnen und Lehrer und f\u00fcr den gro\u00dfartigen Einsatz aller Sportlerinnen und Sportler.<\/p>\n\n\n\n<p>Die Sportbeauftragten der Grundschule Glonn<\/p>\n","protected":false},"excerpt":{"rendered":"<p>Endlich war es so weit, der gro\u00dfe Tag war gekommen. Zehn Sch\u00fclerinnen und Sch\u00fcler der Glonner Grundschule machten sich auf den Weg nach Poing, um am Olympiacup der Grundschulen im Landkreis Ebersberg teilzunehmen. Seit Januar trainierten die Viertkl\u00e4ssler im Rahmen des Sportunterrichts die verschiedensten Disziplinen, um dann die Glonner Schule bestm\u00f6glich vertreten zu k\u00f6nnen. Bei den \u00e4u\u00dferst vielseitigen Disziplinen wie<\/p>\n","protected":false},"author":2,"featured_media":0,"parent":1238,"menu_order":0,"comment_status":"closed","ping_status":"closed","template":"","meta":{"footnotes":""},"_links":{"self":[{"href":"https:\/\/schule-glonn.de\/index.php?rest_route=\/wp\/v2\/pages\/1638"}],"collection":[{"href":"https:\/\/schule-glonn.de\/index.php?rest_route=\/wp\/v2\/pages"}],"about":[{"href":"https:\/\/schule-glonn.de\/index.php?rest_route=\/wp\/v2\/types\/page"}],"author":[{"embeddable":true,"href":"https:\/\/schule-glonn.de\/index.php?rest_route=\/wp\/v2\/users\/2"}],"replies":[{"embeddable":true,"href":"https:\/\/schule-glonn.de\/index.php?rest_route=%2Fwp%2Fv2%2Fcomments&post=1638"}],"version-history":[{"count":1,"href":"https:\/\/schule-glonn.de\/index.php?rest_route=\/wp\/v2\/pages\/1638\/revisions"}],"predecessor-version":[{"id":1640,"href":"https:\/\/schule-glonn.de\/index.php?rest_route=\/wp\/v2\/pages\/1638\/revisions\/1640"}],"up":[{"embeddable":true,"href":"https:\/\/schule-glonn.de\/index.php?rest_route=\/wp\/v2\/pages\/1238"}],"wp:attachment":[{"href":"https:\/\/schule-glonn.de\/index.php?rest_route=%2Fwp%2Fv2%2Fmedia&parent=1638"}],"curies":[{"name":"wp","href":"https:\/\/api.w.org\/{rel}","templated":true}]}}